{"id":224,"date":"2019-02-01T01:09:13","date_gmt":"2019-02-01T00:09:13","guid":{"rendered":"http:\/\/musee-laruedutempsquipasse.fr\/?page_id=224"},"modified":"2026-02-28T22:33:58","modified_gmt":"2026-02-28T21:33:58","slug":"revue-de-presse","status":"publish","type":"page","link":"https:\/\/musee-laruedutempsquipasse.fr\/?page_id=224","title":{"rendered":"Revue de presse"},"content":{"rendered":"\n<h3 class=\"wp-block-heading\"><span style=\"color: #993300;\">Les m\u00e9dias en parlent&#8230;<\/span><\/h3>\n\n\n\n<h4 class=\"wp-block-heading\">M\u00e9t\u00e9o \u00e0 la Carte du mardi 17 juin 2025<\/h4>\n\n\n\n<figure class=\"wp-block-embed is-type-video is-provider-youtube wp-block-embed-youtube wp-embed-aspect-16-9 wp-has-aspect-ratio\"><div class=\"wp-block-embed__wrapper\">\n<iframe loading=\"lazy\" title=\"Me\u0301te\u0301o a\u0300 la Carte du Mardi 17 Juin 2025\" width=\"700\" height=\"394\" src=\"https:\/\/www.youtube.com\/embed\/8NHz56AwgZ8?feature=oembed\" frameborder=\"0\" allow=\"accelerometer; autoplay; clipboard-write; encrypted-media; gyroscope; picture-in-picture; web-share\" referrerpolicy=\"strict-origin-when-cross-origin\" allowfullscreen><\/iframe>\n<\/div><\/figure>\n\n\n\n<h4 class=\"wp-block-heading\">Petit Matin Week-end, Vincent Perrot &#8211; octobre 2024<\/h4>\n\n\n<div class=\"wp-block-image\">\n<figure class=\"aligncenter size-full is-resized\"><a href=\"https:\/\/www.rtl.fr\/programmes\/rtl-petit-matin-week-end\/7900431132\"><img loading=\"lazy\" decoding=\"async\" width=\"301\" height=\"300\" src=\"https:\/\/musee-laruedutempsquipasse.fr\/wp-content\/uploads\/2024\/10\/Capture-decran-2024-10-21-a-22.37.39.png\" alt=\"\" class=\"wp-image-573\" style=\"width:253px;height:auto\" srcset=\"https:\/\/musee-laruedutempsquipasse.fr\/wp-content\/uploads\/2024\/10\/Capture-decran-2024-10-21-a-22.37.39.png 301w, https:\/\/musee-laruedutempsquipasse.fr\/wp-content\/uploads\/2024\/10\/Capture-decran-2024-10-21-a-22.37.39-150x150.png 150w\" sizes=\"auto, (max-width: 301px) 100vw, 301px\" \/><\/a><\/figure><\/div>\n\n\n<figure class=\"wp-block-embed is-type-video is-provider-youtube wp-block-embed-youtube wp-embed-aspect-16-9 wp-has-aspect-ratio\"><div class=\"wp-block-embed__wrapper\">\n<iframe loading=\"lazy\" title=\"France 3 P\u00e9rigord 17 avril 23\" width=\"700\" height=\"394\" src=\"https:\/\/www.youtube.com\/embed\/fxdnh6YxxjQ?feature=oembed\" frameborder=\"0\" allow=\"accelerometer; autoplay; clipboard-write; encrypted-media; gyroscope; picture-in-picture; web-share\" referrerpolicy=\"strict-origin-when-cross-origin\" allowfullscreen><\/iframe>\n<\/div><figcaption class=\"wp-element-caption\">Reportage France 3 P\u00e9rigord 17 avril 2023<\/figcaption><\/figure>\n\n\n\n<iframe loading=\"lazy\" src=\"https:\/\/www.facebook.com\/plugins\/video.php?href=https%3A%2F%2Fwww.facebook.com%2FFrance3NouvelleAquitaine%2Fvideos%2F327606949459344%2F&#038;width=500&#038;show_text=false&#038;appId=1688633024784246&#038;height=282\" width=\"560\" height=\"315\" style=\"border:none;overflow:hidden\" scrolling=\"no\" frameborder=\"0\" allowfullscreen=\"true\" allow=\"autoplay; clipboard-write; encrypted-media; picture-in-picture; web-share\" allowFullScreen=\"true\"><\/iframe>\n\n\n\n<div style=\"height:37px\" aria-hidden=\"true\" class=\"wp-block-spacer\"><\/div>\n\n\n\n<div class=\"wp-block-columns are-vertically-aligned-center is-layout-flex wp-container-core-columns-is-layout-9d6595d7 wp-block-columns-is-layout-flex\">\n<div class=\"wp-block-column is-vertically-aligned-center is-layout-flow wp-block-column-is-layout-flow\"><div class=\"wp-block-image\">\n<figure class=\"aligncenter size-full is-resized\"><a href=\"https:\/\/www.francebleu.fr\/emissions\/la-story-france-bleu-perigord\/perigord\/michel-boon-createur-avec-sa-fille-christelle-du-musee-la-rue-du-temps-qui-passe-a-allas-les-mines\"><img loading=\"lazy\" decoding=\"async\" width=\"400\" height=\"400\" src=\"http:\/\/musee-laruedutempsquipasse.fr\/wp-content\/uploads\/2019\/02\/logo-france-bleu-perigord-jpg.jpg\" alt=\"\" class=\"wp-image-242\" style=\"width:96px;height:96px\" srcset=\"https:\/\/musee-laruedutempsquipasse.fr\/wp-content\/uploads\/2019\/02\/logo-france-bleu-perigord-jpg.jpg 400w, https:\/\/musee-laruedutempsquipasse.fr\/wp-content\/uploads\/2019\/02\/logo-france-bleu-perigord-jpg-150x150.jpg 150w, https:\/\/musee-laruedutempsquipasse.fr\/wp-content\/uploads\/2019\/02\/logo-france-bleu-perigord-jpg-300x300.jpg 300w\" sizes=\"auto, (max-width: 400px) 100vw, 400px\" \/><\/a><\/figure><\/div><\/div>\n\n\n\n<div class=\"wp-block-column is-vertically-aligned-center is-layout-flow wp-block-column-is-layout-flow\"><div class=\"wp-block-image\">\n<figure class=\"aligncenter size-full is-resized\"><a href=\"https:\/\/www.sudouest.fr\/2017\/02\/24\/le-musee-de-la-rue-du-temps-qui-passe-3225018-1705.php\"><img loading=\"lazy\" decoding=\"async\" width=\"709\" height=\"639\" src=\"http:\/\/musee-laruedutempsquipasse.fr\/wp-content\/uploads\/2019\/02\/Logo_Journal_Sud_Ouest.jpg\" alt=\"\" class=\"wp-image-244\" style=\"width:91px;height:81px\" srcset=\"https:\/\/musee-laruedutempsquipasse.fr\/wp-content\/uploads\/2019\/02\/Logo_Journal_Sud_Ouest.jpg 709w, https:\/\/musee-laruedutempsquipasse.fr\/wp-content\/uploads\/2019\/02\/Logo_Journal_Sud_Ouest-300x270.jpg 300w\" sizes=\"auto, (max-width: 709px) 100vw, 709px\" \/><\/a><\/figure><\/div><\/div>\n\n\n\n<div class=\"wp-block-column is-vertically-aligned-center is-layout-flow wp-block-column-is-layout-flow\"><div class=\"wp-block-image\">\n<figure class=\"aligncenter size-full is-resized\"><a href=\"https:\/\/www.perigord.com\/listings\/sites-touristiques-visites\/musee-de-la-rue-du-temps-qui-passe\/\"><img loading=\"lazy\" decoding=\"async\" width=\"350\" height=\"88\" src=\"http:\/\/musee-laruedutempsquipasse.fr\/wp-content\/uploads\/2019\/02\/Logo-perigord-com.jpg\" alt=\"\" class=\"wp-image-246\" style=\"width:179px;height:45px\" srcset=\"https:\/\/musee-laruedutempsquipasse.fr\/wp-content\/uploads\/2019\/02\/Logo-perigord-com.jpg 350w, https:\/\/musee-laruedutempsquipasse.fr\/wp-content\/uploads\/2019\/02\/Logo-perigord-com-300x75.jpg 300w\" sizes=\"auto, (max-width: 350px) 100vw, 350px\" \/><\/a><\/figure><\/div><\/div>\n\n\n\n<div class=\"wp-block-column is-vertically-aligned-center is-layout-flow wp-block-column-is-layout-flow\"><div class=\"wp-block-image\">\n<figure class=\"aligncenter size-full is-resized\"><a href=\"https:\/\/www.dordogne-perigord-tourisme.fr\/experiences\/faire-voyage-passe-musee-rue-temps-qui-passe-2752.htm\"><img loading=\"lazy\" decoding=\"async\" width=\"300\" height=\"87\" src=\"http:\/\/musee-laruedutempsquipasse.fr\/wp-content\/uploads\/2019\/02\/logo-dordogne-pgd-tourisme.jpg\" alt=\"\" class=\"wp-image-245\" style=\"width:169px;height:49px\"\/><\/a><\/figure><\/div><\/div>\n<\/div>\n\n\n\n<p class=\"has-text-align-center\"><iframe loading=\"lazy\" src=\"https:\/\/www.youtube.com\/embed\/EfNMxS3RIzU\" width=\"560\" height=\"315\" frameborder=\"0\" allowfullscreen=\"allowfullscreen\"><\/iframe><\/p>\n\n\n\n<h4 class=\"wp-block-heading\">JT 13h TF1<\/h4>\n","protected":false},"excerpt":{"rendered":"<p>Les m\u00e9dias en parlent&#8230; M\u00e9t\u00e9o \u00e0 la Carte du mardi 17 juin 2025 Petit Matin Week-end, Vincent Perrot &#8211; octobre 2024 JT 13h TF1<\/p>\n","protected":false},"author":1,"featured_media":0,"parent":0,"menu_order":0,"comment_status":"closed","ping_status":"closed","template":"","meta":{"jetpack_post_was_ever_published":true,"footnotes":""},"class_list":["entry","page","publish","author-admin3668","post-224"],"jetpack_sharing_enabled":true,"jetpack_shortlink":"https:\/\/wp.me\/P8Jj4g-3C","jetpack_likes_enabled":true,"_links":{"self":[{"href":"https:\/\/musee-laruedutempsquipasse.fr\/index.php?rest_route=\/wp\/v2\/pages\/224","targetHints":{"allow":["GET"]}}],"collection":[{"href":"https:\/\/musee-laruedutempsquipasse.fr\/index.php?rest_route=\/wp\/v2\/pages"}],"about":[{"href":"https:\/\/musee-laruedutempsquipasse.fr\/index.php?rest_route=\/wp\/v2\/types\/page"}],"author":[{"embeddable":true,"href":"https:\/\/musee-laruedutempsquipasse.fr\/index.php?rest_route=\/wp\/v2\/users\/1"}],"replies":[{"embeddable":true,"href":"https:\/\/musee-laruedutempsquipasse.fr\/index.php?rest_route=%2Fwp%2Fv2%2Fcomments&post=224"}],"version-history":[{"count":53,"href":"https:\/\/musee-laruedutempsquipasse.fr\/index.php?rest_route=\/wp\/v2\/pages\/224\/revisions"}],"predecessor-version":[{"id":605,"href":"https:\/\/musee-laruedutempsquipasse.fr\/index.php?rest_route=\/wp\/v2\/pages\/224\/revisions\/605"}],"wp:attachment":[{"href":"https:\/\/musee-laruedutempsquipasse.fr\/index.php?rest_route=%2Fwp%2Fv2%2Fmedia&parent=224"}],"curies":[{"name":"wp","href":"https:\/\/api.w.org\/{rel}","templated":true}]}}